{"id":637,"date":"2015-03-17T11:20:31","date_gmt":"2015-03-17T10:20:31","guid":{"rendered":"https:\/\/www.va-genossenschaft.ch\/service\/remarques-sur-la-prevoyance\/versicherung-und-steuern\/"},"modified":"2021-11-02T11:48:10","modified_gmt":"2021-11-02T10:48:10","slug":"assurances-et-impots","status":"publish","type":"page","link":"https:\/\/www.va-genossenschaft.ch\/fr\/service\/remarques-sur-la-prevoyance\/assurances-et-impots\/","title":{"rendered":"Assurances et imp\u00f4ts"},"content":{"rendered":"<p><strong>Assurances et imp\u00f4ts<\/strong><br \/>\nUne planification judicieuse vous permettra aussi d\u2019optimiser vos imp\u00f4ts, gr\u00e2ce \u00e0 vos assurances. Dans ce contexte, il convient d\u2019aborder les th\u00e8mes suivants:<\/p>\n<p><strong>Utilisation des possibilit\u00e9s offertes dans le cadre du pilier 3a<\/strong><br \/>\nUtilisation des possibilit\u00e9s offertes dans le cadre du pilier 3a pour les employ\u00e9s (jusqu\u2019\u00e0 CHF\u00a0 6\u2019883.\u2013, \u00e9tat 2022) et les ind\u00e9pendants sans pr\u00e9voyance professionnelle (20 % du revenu, au maximum CHF 34\u2019416.-, \u00e9tat 2022). Dans ces limites, les cotisations peuvent \u00eatre enti\u00e8rement d\u00e9duites du revenu imposable.<\/p>\n<p><strong>Utilisation des possibilit\u00e9s offertes dans le cadre du 2e pilier (pr\u00e9voyance professionnelle)<\/strong>Les ind\u00e9pendants peuvent s\u2019affilier de fa\u00e7on volontaire \u00e0 la pr\u00e9voyance professionnelle aupr\u00e8s de diff\u00e9rentes fondations de la branche (PAT-LPP, Fondation ASMAC, Fondation SSO, Pro Medico, etc.).<\/p>\n<p>L\u2019avantage d\u2019une telle affiliation r\u00e9side dans le fait qu\u2019outre les cotisations ordinaires pour la planification de la retraite, des versements compl\u00e9mentaires sont aussi possibles. Ceci permet de consolider la pr\u00e9voyance vieillesse, tout en optimisant le revenu imposable. Ces versements compl\u00e9mentaires sont d\u00e9ductibles dans le cadre du r\u00e8glement respectif et selon les prescriptions du fisc.<\/p>\n<p><strong>Versements \u00e9chelonn\u00e9s des capitaux de pr\u00e9voyance<\/strong><br \/>\nLe retrait des capitaux de pr\u00e9voyance doit \u00eatre planifi\u00e9. En effet, les capitaux de pr\u00e9voyance des 2e et 3e piliers sont cumul\u00e9s au cours de l\u2019ann\u00e9e de versement et font l\u2019objet d\u2019une imposition s\u00e9par\u00e9e. Il est donc judicieux de planifier de fa\u00e7on cibl\u00e9e les \u00e9ch\u00e9ances de versement. Nous vous recommandons de souscrire plusieurs comptes \/ contrats du pilier 3a, afin de pouvoir \u00e9chelonner la date de retrait.<\/p>\n<p><strong>A quoi faut-il pr\u00eater attention dans le cadre du pilier 3a?<\/strong><\/p>\n<ul>\n<li>A partir de 60 ans, le retrait de capital issu d\u2019un compte ou d\u2019une assurance n\u2019est plus possible qu\u2019en entier. Les retraits partiels ne sont pas autoris\u00e9s.<\/li>\n<li>Le retrait de capital dans le cadre de l\u2019encouragement \u00e0 la propri\u00e9t\u00e9 du logement (EPL) n\u2019est possible que jusqu\u2019\u00e0 cinq ans avant la retraite ordinaire et uniquement tous les cinq ans. Des montants partiels peuvent \u00e9galement \u00eatre retir\u00e9s. Il convient de respecter les bases l\u00e9gales.<\/li>\n<li>u moyen d\u2019une planification judicieuse des versements (\u00e9v. d\u00e9j\u00e0 d\u00e8s l\u2019\u00e2ge de 55 ans), il est possible d\u2019optimiser la charge fiscale grevant les capitaux vers\u00e9s.<\/li>\n<li><a href=\"http:\/\/www.admin.ch\/opc\/fr\/classified-compilation\/19850278\/index.html#a3\" target=\"_blank\" rel=\"noopener\">L\u2019ordonnance (BVV3, Art 3.1)<\/a> pr\u00e9voit que le retrait de fonds de pr\u00e9voyance peut \u00eatre diff\u00e9r\u00e9 jusqu\u2019\u00e0 cinq ans apr\u00e8s la retraite ordinaire, \u00e0 condition qu\u2019un revenu lucratif issu d\u2019une activit\u00e9 ind\u00e9pendante ou salari\u00e9e soit encore per\u00e7u. Lorsque le revenu lucratif n\u2019est plus vers\u00e9, le capital vient \u00e0 \u00e9ch\u00e9ance. En r\u00e8gle g\u00e9n\u00e9rale, les polices d\u2019assurance ne peuvent \u00eatre prolong\u00e9es. Clarifiez avant le diff\u00e9r\u00e9 les possibilit\u00e9s que vous offrent l\u2019assureur ou la fondation bancaire.<\/li>\n<\/ul>\n<p><strong>Pr\u00e9voyance libre, assurances avec primes uniques<\/strong><\/p>\n<p>Les assurances financ\u00e9es par une prime unique sont des placements s\u00fbrs. Par ailleurs, le rendement du placement est exon\u00e9r\u00e9 d\u2019imp\u00f4t, lorsque les points suivants sont respect\u00e9s:<\/p>\n<p><a href=\"http:\/\/www.admin.ch\/opc\/fr\/classified-compilation\/19900329\/index.html#a20\" target=\"_blank\" rel=\"noopener\">DBG Art. 20, a<\/a><\/p>\n<ul>\n<li>La dur\u00e9e est d\u2019au moins cinq ans<\/li>\n<li>La conclusion du contrat a lieu avant l\u2019\u00e2ge de 66 ans r\u00e9volus<\/li>\n<li>L\u2019\u00e9ch\u00e9ance du contrat est pr\u00e9vue apr\u00e8s l\u2019\u00e2ge de 60 ans r\u00e9volus<\/li>\n<\/ul>\n","protected":false},"excerpt":{"rendered":"<p>Assurances et imp\u00f4ts Une planification judicieuse vous permettra aussi d\u2019optimiser vos imp\u00f4ts, gr\u00e2ce \u00e0 vos assurances. Dans ce contexte, il convient d\u2019aborder les th\u00e8mes suivants: Utilisation des possibilit\u00e9s offertes dans le cadre du pilier 3a Utilisation des possibilit\u00e9s offertes dans le cadre du pilier 3a pour les employ\u00e9s (jusqu\u2019\u00e0 CHF\u00a0 6\u2019883.\u2013, \u00e9tat 2022) et les &hellip; <a href=\"https:\/\/www.va-genossenschaft.ch\/fr\/service\/remarques-sur-la-prevoyance\/assurances-et-impots\/\" class=\"more-link\">Continuer la lecture de <span class=\"screen-reader-text\">Assurances et imp\u00f4ts<\/span>  <span class=\"meta-nav\">&rarr;<\/span><\/a><\/p>\n","protected":false},"author":1,"featured_media":0,"parent":591,"menu_order":0,"comment_status":"open","ping_status":"open","template":"","meta":{"footnotes":""},"class_list":["post-637","page","type-page","status-publish","hentry"],"_links":{"self":[{"href":"https:\/\/www.va-genossenschaft.ch\/fr\/wp-json\/wp\/v2\/pages\/637","targetHints":{"allow":["GET"]}}],"collection":[{"href":"https:\/\/www.va-genossenschaft.ch\/fr\/wp-json\/wp\/v2\/pages"}],"about":[{"href":"https:\/\/www.va-genossenschaft.ch\/fr\/wp-json\/wp\/v2\/types\/page"}],"author":[{"embeddable":true,"href":"https:\/\/www.va-genossenschaft.ch\/fr\/wp-json\/wp\/v2\/users\/1"}],"replies":[{"embeddable":true,"href":"https:\/\/www.va-genossenschaft.ch\/fr\/wp-json\/wp\/v2\/comments?post=637"}],"version-history":[{"count":9,"href":"https:\/\/www.va-genossenschaft.ch\/fr\/wp-json\/wp\/v2\/pages\/637\/revisions"}],"predecessor-version":[{"id":1825,"href":"https:\/\/www.va-genossenschaft.ch\/fr\/wp-json\/wp\/v2\/pages\/637\/revisions\/1825"}],"up":[{"embeddable":true,"href":"https:\/\/www.va-genossenschaft.ch\/fr\/wp-json\/wp\/v2\/pages\/591"}],"wp:attachment":[{"href":"https:\/\/www.va-genossenschaft.ch\/fr\/wp-json\/wp\/v2\/media?parent=637"}],"curies":[{"name":"wp","href":"https:\/\/api.w.org\/{rel}","templated":true}]}}